{"id":29,"date":"2021-07-13T13:26:58","date_gmt":"2021-07-13T13:26:58","guid":{"rendered":"http:\/\/reumamalmo.se\/?page_id=29"},"modified":"2022-10-02T07:18:44","modified_gmt":"2022-10-02T07:18:44","slug":"valkommen","status":"publish","type":"page","link":"http:\/\/reumamalmo.se\/","title":{"rendered":"V\u00e4lkommen!"},"content":{"rendered":"\n<p><strong>Till mina patienter!<\/strong><\/p>\n\n\n\n<p>Tack f\u00f6r att ni gav mig f\u00f6rtroende att vara er l\u00e4kare.\u00a0Jag kommer att g\u00e5 i pension i b\u00f6rjan av december 2022.\u00a0<\/p>\n\n\n\n<p>Ni undrar kanske vad som h\u00e4nder nu.                                                                                                                                             <\/p>\n\n\n\n<p>Jag har fr\u00e5n Region Sk\u00e5ne\u00a0f\u00e5tt veta att det planeras att ni som\u00a0patienter p\u00e5 min reumatologimottagning\u00a0efter min pensionering, samt patientjournalerna, \u00f6verf\u00f6rs till Reumatologisektionen Malm\u00f6\/ Lund p\u00e5 Sk\u00e5nes universitetssjukhus, f\u00f6r fortsatt reumatologkontakt.                                                                                                     <\/p>\n\n\n\n<p>Jag kommer att medverka till att det sker p\u00e5 ett smidigt s\u00e4tt.\u00a0                                                                                                 <\/p>\n\n\n\n<p>Ett politiskt beslut om det\u00a0kommer\u00a0kanske i november.\u00a0  <\/p>\n\n\n\n<p>Om jag f\u00e5r veta mer s\u00e5 meddelar jag p\u00e5 denna sida.\u00a0   <\/p>\n\n\n\n<p><\/p>\n\n\n\n<p><em>Gabriela Olsso<\/em>n                                                                                                                                                         <\/p>\n\n\n\n<p>Specialist i reumatologi<\/p>\n\n\n\n<p><\/p>\n","protected":false},"excerpt":{"rendered":"<p>Till mina patienter! Tack f\u00f6r att ni gav mig f\u00f6rtroende att vara er l\u00e4kare.\u00a0Jag kommer att g\u00e5 i pension i b\u00f6rjan av december 2022.\u00a0 Ni undrar kanske vad som h\u00e4nder nu. Jag har fr\u00e5n Region Sk\u00e5ne\u00a0f\u00e5tt veta att det planeras att ni som\u00a0patienter p\u00e5 min reumatologimottagning\u00a0efter min pensionering, samt patientjournalerna, \u00f6verf\u00f6rs till Reumatologisektionen Malm\u00f6\/ Lund &hellip; <\/p>\n<p class=\"link-more\"><a href=\"http:\/\/reumamalmo.se\/\" class=\"more-link\">Forts\u00e4tt l\u00e4sa<span class=\"screen-reader-text\"> &#8221;V\u00e4lkommen!&#8221;<\/span><\/a><\/p>\n","protected":false},"author":1,"featured_media":0,"parent":0,"menu_order":0,"comment_status":"closed","ping_status":"closed","template":"","meta":[],"_links":{"self":[{"href":"http:\/\/reumamalmo.se\/index.php?rest_route=\/wp\/v2\/pages\/29"}],"collection":[{"href":"http:\/\/reumamalmo.se\/index.php?rest_route=\/wp\/v2\/pages"}],"about":[{"href":"http:\/\/reumamalmo.se\/index.php?rest_route=\/wp\/v2\/types\/page"}],"author":[{"embeddable":true,"href":"http:\/\/reumamalmo.se\/index.php?rest_route=\/wp\/v2\/users\/1"}],"replies":[{"embeddable":true,"href":"http:\/\/reumamalmo.se\/index.php?rest_route=%2Fwp%2Fv2%2Fcomments&post=29"}],"version-history":[{"count":11,"href":"http:\/\/reumamalmo.se\/index.php?rest_route=\/wp\/v2\/pages\/29\/revisions"}],"predecessor-version":[{"id":85,"href":"http:\/\/reumamalmo.se\/index.php?rest_route=\/wp\/v2\/pages\/29\/revisions\/85"}],"wp:attachment":[{"href":"http:\/\/reumamalmo.se\/index.php?rest_route=%2Fwp%2Fv2%2Fmedia&parent=29"}],"curies":[{"name":"wp","href":"https:\/\/api.w.org\/{rel}","templated":true}]}}